{"id":591,"date":"2016-06-16T08:21:00","date_gmt":"2016-06-16T08:21:00","guid":{"rendered":"http:\/\/grupogestorbcn.com\/ca\/?page_id=591"},"modified":"2016-06-16T08:44:01","modified_gmt":"2016-06-16T08:44:01","slug":"trafic","status":"publish","type":"page","link":"https:\/\/grupogestorbcn.com\/ca\/trafic\/","title":{"rendered":"Tr\u00e0fic"},"content":{"rendered":"<p><img loading=\"lazy\" src=\"http:\/\/grupogestorbcn.com\/wp-content\/uploads\/trafico.png\" alt=\"trafico\" width=\"150\" height=\"160\" class=\"alignleft size-full wp-image-579\" \/><\/p>\n<h1>Gestoria de vehicles<\/h1>\n<h2>Grupo Gestor BCN fem tots els <strong>tr\u00e0mits i gestions del teu vehicle<\/strong> per tu amb l&#8217;objectiu d&#8217;evitar-te que perdis el temps a Tr\u00e0fic.<\/h2>\n<p>&nbsp;<\/p>\n<p>A Grupo Gestor BCN comptem amb la col\u00b7laboraci\u00f3 d&#8217;un equip de gestors de tr\u00e0fic amb m\u00e9s de 25 anys d&#8217;experi\u00e8ncia. Faran tots els tr\u00e0mits de tr\u00e0fic per al teu vehicle amb la m\u00e0xima rapidesa i professionalitat.<\/p>\n<p>&nbsp;<\/p>\n<ul class=\"iconostrafico\">\n<li><img loading=\"lazy\" src=\"http:\/\/grupogestorbcn.com\/wp-content\/uploads\/eficaz.png\" alt=\"eficaz\" width=\"80\" height=\"80\" class=\"aligncenter size-full wp-image-584\" \/><\/ br>Efica\u00e7<\/li>\n<li><img loading=\"lazy\" src=\"http:\/\/grupogestorbcn.com\/wp-content\/uploads\/rapido.png\" alt=\"rapido\" width=\"80\" height=\"80\" class=\"aligncenter size-full wp-image-585\" \/><\/ br>R\u00e0pid<\/li>\n<li><img loading=\"lazy\" src=\"http:\/\/grupogestorbcn.com\/wp-content\/uploads\/economico.png\" alt=\"economico\" width=\"80\" height=\"80\" class=\"aligncenter size-full wp-image-586\" \/><\/ br>Econ\u00f2mic<\/li>\n<\/ul>\n<p>&nbsp;<\/p>\n<h4>Serveis:<\/h4>\n<p>&nbsp;<\/p>\n<ul class=\"serviciostrafico\">\n<li>\n<h3>Transfer\u00e8ncies de Cotxes \/ Motos (canvi de titularitat)<\/h3>\n<\/li>\n<li>\n<h3>Transfer\u00e8ncies de Ciclomotors (canvi de titularitat)<\/h3>\n<\/li>\n<li>\n<h3>Informes de c\u00e0rregues<\/h3>\n<\/li>\n<li>\n<h3>Baixes de vehicles<\/h3>\n<\/li>\n<li>\n<h3>Duplicats de permisos i llic\u00e8ncies de conducci\u00f3 i circulaci\u00f3<\/h3>\n<\/li>\n<li>\n<h3>Canvi de domicili<\/h3>\n<\/li>\n<li>\n<h3>Altres tr\u00e0mits<\/h3>\n<\/li>\n<\/ul>\n","protected":false},"excerpt":{"rendered":"<p>Gestoria de vehicles Grupo Gestor BCN fem tots els tr\u00e0mits i gestions del teu vehicle per tu amb l&#8217;objectiu d&#8217;evitar-te que perdis el temps a Tr\u00e0fic. &nbsp; A Grupo Gestor BCN comptem amb la col\u00b7laboraci\u00f3&#8230;<\/p>\n","protected":false},"author":1,"featured_media":0,"parent":0,"menu_order":15,"comment_status":"closed","ping_status":"closed","template":"","meta":[],"yoast_head":"<!-- This site is optimized with the Yoast SEO plugin v17.4 - https:\/\/yoast.com\/wordpress\/plugins\/seo\/ -->\n<title>Tr\u00e0fic - Grupo Gestor BCN - Assessoria especialitzada en mat\u00e8ria comptable, fiscal, laboral i mercantil a Barcelona<\/title>\n<meta name=\"robots\" content=\"index, follow, max-snippet:-1, max-image-preview:large, max-video-preview:-1\" \/>\n<link rel=\"canonical\" href=\"https:\/\/grupogestorbcn.com\/ca\/trafic\/\" \/>\n<meta property=\"og:locale\" content=\"ca_ES\" \/>\n<meta property=\"og:type\" content=\"article\" \/>\n<meta property=\"og:title\" content=\"Tr\u00e0fic - Grupo Gestor BCN - Assessoria especialitzada en mat\u00e8ria comptable, fiscal, laboral i mercantil a Barcelona\" \/>\n<meta property=\"og:description\" content=\"Gestoria de vehicles Grupo Gestor BCN fem tots els tr\u00e0mits i gestions del teu vehicle per tu amb l&#8217;objectiu d&#8217;evitar-te que perdis el temps a Tr\u00e0fic. &nbsp; A Grupo Gestor BCN comptem amb la col\u00b7laboraci\u00f3...\" \/>\n<meta property=\"og:url\" content=\"https:\/\/grupogestorbcn.com\/ca\/trafic\/\" \/>\n<meta property=\"og:site_name\" content=\"Grupo Gestor BCN\" \/>\n<meta property=\"article:publisher\" content=\"https:\/\/www.facebook.com\/grupogestorbcn\/\" \/>\n<meta property=\"article:modified_time\" content=\"2016-06-16T08:44:01+00:00\" \/>\n<meta property=\"og:image\" content=\"http:\/\/grupogestorbcn.com\/wp-content\/uploads\/trafico.png\" \/>\n<meta name=\"twitter:card\" content=\"summary\" \/>\n<meta name=\"twitter:label1\" content=\"Temps estimat de lectura\" \/>\n\t<meta name=\"twitter:data1\" content=\"1 minut\" \/>\n<script type=\"application\/ld+json\" class=\"yoast-schema-graph\">{\"@context\":\"https:\/\/schema.org\",\"@graph\":[{\"@type\":\"WebSite\",\"@id\":\"https:\/\/grupogestorbcn.com\/#website\",\"url\":\"https:\/\/grupogestorbcn.com\/\",\"name\":\"Grupo Gestor BCN\",\"description\":\"Assessoria especialitzada en mat\\u00e8ria comptable, fiscal, laboral i mercantil a Barcelona\",\"potentialAction\":[{\"@type\":\"SearchAction\",\"target\":{\"@type\":\"EntryPoint\",\"urlTemplate\":\"https:\/\/grupogestorbcn.com\/?s={search_term_string}\"},\"query-input\":\"required name=search_term_string\"}],\"inLanguage\":\"ca\"},{\"@type\":\"ImageObject\",\"@id\":\"https:\/\/grupogestorbcn.com\/ca\/trafic\/#primaryimage\",\"inLanguage\":\"ca\",\"url\":\"http:\/\/grupogestorbcn.com\/wp-content\/uploads\/trafico.png\",\"contentUrl\":\"http:\/\/grupogestorbcn.com\/wp-content\/uploads\/trafico.png\"},{\"@type\":\"WebPage\",\"@id\":\"https:\/\/grupogestorbcn.com\/ca\/trafic\/#webpage\",\"url\":\"https:\/\/grupogestorbcn.com\/ca\/trafic\/\",\"name\":\"Tr\\u00e0fic - Grupo Gestor BCN - Assessoria especialitzada en mat\\u00e8ria comptable, fiscal, laboral i mercantil a Barcelona\",\"isPartOf\":{\"@id\":\"https:\/\/grupogestorbcn.com\/#website\"},\"primaryImageOfPage\":{\"@id\":\"https:\/\/grupogestorbcn.com\/ca\/trafic\/#primaryimage\"},\"datePublished\":\"2016-06-16T08:21:00+00:00\",\"dateModified\":\"2016-06-16T08:44:01+00:00\",\"breadcrumb\":{\"@id\":\"https:\/\/grupogestorbcn.com\/ca\/trafic\/#breadcrumb\"},\"inLanguage\":\"ca\",\"potentialAction\":[{\"@type\":\"ReadAction\",\"target\":[\"https:\/\/grupogestorbcn.com\/ca\/trafic\/\"]}]},{\"@type\":\"BreadcrumbList\",\"@id\":\"https:\/\/grupogestorbcn.com\/ca\/trafic\/#breadcrumb\",\"itemListElement\":[{\"@type\":\"ListItem\",\"position\":1,\"name\":\"Portada\",\"item\":\"https:\/\/grupogestorbcn.com\/ca\/\"},{\"@type\":\"ListItem\",\"position\":2,\"name\":\"Tr\\u00e0fic\"}]}]}<\/script>\n<!-- \/ Yoast SEO plugin. -->","yoast_head_json":{"title":"Tr\u00e0fic - Grupo Gestor BCN - Assessoria especialitzada en mat\u00e8ria comptable, fiscal, laboral i mercantil a Barcelona","robots":{"index":"index","follow":"follow","max-snippet":"max-snippet:-1","max-image-preview":"max-image-preview:large","max-video-preview":"max-video-preview:-1"},"canonical":"https:\/\/grupogestorbcn.com\/ca\/trafic\/","og_locale":"ca_ES","og_type":"article","og_title":"Tr\u00e0fic - Grupo Gestor BCN - Assessoria especialitzada en mat\u00e8ria comptable, fiscal, laboral i mercantil a Barcelona","og_description":"Gestoria de vehicles Grupo Gestor BCN fem tots els tr\u00e0mits i gestions del teu vehicle per tu amb l&#8217;objectiu d&#8217;evitar-te que perdis el temps a Tr\u00e0fic. &nbsp; A Grupo Gestor BCN comptem amb la col\u00b7laboraci\u00f3...","og_url":"https:\/\/grupogestorbcn.com\/ca\/trafic\/","og_site_name":"Grupo Gestor BCN","article_publisher":"https:\/\/www.facebook.com\/grupogestorbcn\/","article_modified_time":"2016-06-16T08:44:01+00:00","og_image":[{"url":"http:\/\/grupogestorbcn.com\/wp-content\/uploads\/trafico.png"}],"twitter_card":"summary","twitter_misc":{"Temps estimat de lectura":"1 minut"},"schema":{"@context":"https:\/\/schema.org","@graph":[{"@type":"WebSite","@id":"https:\/\/grupogestorbcn.com\/#website","url":"https:\/\/grupogestorbcn.com\/","name":"Grupo Gestor BCN","description":"Assessoria especialitzada en mat\u00e8ria comptable, fiscal, laboral i mercantil a Barcelona","potentialAction":[{"@type":"SearchAction","target":{"@type":"EntryPoint","urlTemplate":"https:\/\/grupogestorbcn.com\/?s={search_term_string}"},"query-input":"required name=search_term_string"}],"inLanguage":"ca"},{"@type":"ImageObject","@id":"https:\/\/grupogestorbcn.com\/ca\/trafic\/#primaryimage","inLanguage":"ca","url":"http:\/\/grupogestorbcn.com\/wp-content\/uploads\/trafico.png","contentUrl":"http:\/\/grupogestorbcn.com\/wp-content\/uploads\/trafico.png"},{"@type":"WebPage","@id":"https:\/\/grupogestorbcn.com\/ca\/trafic\/#webpage","url":"https:\/\/grupogestorbcn.com\/ca\/trafic\/","name":"Tr\u00e0fic - Grupo Gestor BCN - Assessoria especialitzada en mat\u00e8ria comptable, fiscal, laboral i mercantil a Barcelona","isPartOf":{"@id":"https:\/\/grupogestorbcn.com\/#website"},"primaryImageOfPage":{"@id":"https:\/\/grupogestorbcn.com\/ca\/trafic\/#primaryimage"},"datePublished":"2016-06-16T08:21:00+00:00","dateModified":"2016-06-16T08:44:01+00:00","breadcrumb":{"@id":"https:\/\/grupogestorbcn.com\/ca\/trafic\/#breadcrumb"},"inLanguage":"ca","potentialAction":[{"@type":"ReadAction","target":["https:\/\/grupogestorbcn.com\/ca\/trafic\/"]}]},{"@type":"BreadcrumbList","@id":"https:\/\/grupogestorbcn.com\/ca\/trafic\/#breadcrumb","itemListElement":[{"@type":"ListItem","position":1,"name":"Portada","item":"https:\/\/grupogestorbcn.com\/ca\/"},{"@type":"ListItem","position":2,"name":"Tr\u00e0fic"}]}]}},"_links":{"self":[{"href":"https:\/\/grupogestorbcn.com\/ca\/wp-json\/wp\/v2\/pages\/591"}],"collection":[{"href":"https:\/\/grupogestorbcn.com\/ca\/wp-json\/wp\/v2\/pages"}],"about":[{"href":"https:\/\/grupogestorbcn.com\/ca\/wp-json\/wp\/v2\/types\/page"}],"author":[{"embeddable":true,"href":"https:\/\/grupogestorbcn.com\/ca\/wp-json\/wp\/v2\/users\/1"}],"replies":[{"embeddable":true,"href":"https:\/\/grupogestorbcn.com\/ca\/wp-json\/wp\/v2\/comments?post=591"}],"version-history":[{"count":4,"href":"https:\/\/grupogestorbcn.com\/ca\/wp-json\/wp\/v2\/pages\/591\/revisions"}],"predecessor-version":[{"id":599,"href":"https:\/\/grupogestorbcn.com\/ca\/wp-json\/wp\/v2\/pages\/591\/revisions\/599"}],"wp:attachment":[{"href":"https:\/\/grupogestorbcn.com\/ca\/wp-json\/wp\/v2\/media?parent=591"}],"curies":[{"name":"wp","href":"https:\/\/api.w.org\/{rel}","templated":true}]}}